{"id":36830,"date":"2022-01-05T12:49:06","date_gmt":"2022-01-05T11:49:06","guid":{"rendered":"https:\/\/www.giff.ch\/archives\/2024\/\/?page_id=36830"},"modified":"2024-11-05T12:11:20","modified_gmt":"2024-11-05T11:11:20","slug":"gdm","status":"publish","type":"page","link":"https:\/\/www.giff.ch\/archives\/2024\/gdm\/","title":{"rendered":"MARKET"},"content":{"rendered":"<div class='row '><div class='col col-12 col-md-8'><figure class=\"block block-video\">\n\n  <div class=\"ratio ratio-16x9 ratio ratio-mobile\">\n\n    <video id=\"block_728e9cf1c9104716fcc784b230104b46\" class=\"bg-dark\" playsinline autoplay loop muted preload >\n              <source data-res=\"large\" src=\"https:\/\/www.giff.ch\/archives\/2024\/wp-content\/uploads\/2024\/10\/trailer-desktop-gdm.mp4\" type=\"video\/mp4\">\n              <source data-res=\"medium\" src=\"https:\/\/www.giff.ch\/archives\/2024\/wp-content\/uploads\/2024\/10\/trailer-desktop-gdm.mp4\" type=\"video\/mp4\">\n              <source data-res=\"small\" src=\"https:\/\/www.giff.ch\/archives\/2024\/wp-content\/uploads\/2024\/10\/trailer-desktop-gdm.mp4\" type=\"video\/mp4\">\n              <source data-res=\"mobile\" src=\"https:\/\/www.giff.ch\/archives\/2024\/wp-content\/uploads\/2024\/10\/trailer-gdm-1.mp4\" type=\"video\/mp4\">\n            Votre navigateur ne prend pas en charge la lecture vid\u00e9o.\n    <\/video>\n    <div class=\"spinner-container translate-center w-auto h-auto\" style=\"display: block;\">\n      <div class=\"spinner-border text-white\" role=\"status\">\n        <span class=\"visually-hidden\">Chargement&#8230;<\/span>\n      <\/div>\n    <\/div>\n  <\/div>\n\n<\/figure><div class='row '><div class='col col-12 col-md-6 '><div class=\"news-card-2022 gdm mb-4\">\n      <a href=\"https:\/\/www.giff.ch\/archives\/2024\/\/gdm\/agenda\/talks\/\" target=\"\">\n        <div class=\"news-card-2022-container\">\n      <div class=\"news-card-2022-wrapper py-3\">\n                  <div class=\"mb-1 text-uppercase px-4 sup-title\">\n            Activit\u00e9          <\/div>\n                          <div class=\"h3 mb-2 px-4 title\">\n            TALKS          <\/div>\n                          <div class=\"ratio ratio-16x9\">\n            <img loading=\"lazy\" decoding=\"async\" width=\"1200\" height=\"675\" src=\"https:\/\/www.giff.ch\/archives\/2024\/wp-content\/uploads\/2024\/10\/Plan-de-travail-7-1200x675.jpg\" class=\"attachment-md size-md\" alt=\"\" srcset=\"https:\/\/www.giff.ch\/archives\/2024\/wp-content\/uploads\/2024\/10\/Plan-de-travail-7-1200x675.jpg 1200w, https:\/\/www.giff.ch\/archives\/2024\/wp-content\/uploads\/2024\/10\/Plan-de-travail-7-366x206.jpg 366w, https:\/\/www.giff.ch\/archives\/2024\/wp-content\/uploads\/2024\/10\/Plan-de-travail-7-548x308.jpg 548w, https:\/\/www.giff.ch\/archives\/2024\/wp-content\/uploads\/2024\/10\/Plan-de-travail-7-1520x855.jpg 1520w, https:\/\/www.giff.ch\/archives\/2024\/wp-content\/uploads\/2024\/10\/Plan-de-travail-7-1824x1026.jpg 1824w, https:\/\/www.giff.ch\/archives\/2024\/wp-content\/uploads\/2024\/10\/Plan-de-travail-7.jpg 1920w\" sizes=\"auto, (max-width: 1200px) 100vw, 1200px\" \/>          <\/div>\n                          <div class=\"text-black px-4 mt-2\">\n            Conf\u00e9rences, tables rondes, \u00e9tudes de cas\u2026 R\u00e9inventer l\u2019exp\u00e9rience sociale du cin\u00e9ma, envisager de nouveaux films interactifs, penser les coproductions internationales ou adopter l\u2019intelligence artificielle, le Geneva Digital Market 2024 interroge les derniers usages des innovations audiovisuelles en compagnie d\u2019experts suisses et internationaux.          <\/div>\n              <\/div>\n      <div class=\"news-card-2022-border\"><\/div>\n    <\/div>\n        <\/a>\n  <\/div><\/div><div class='col col-12 col-md-6 '><div class=\"news-card-2022 gdm mb-4\">\n      <a href=\"https:\/\/www.giff.ch\/archives\/2024\/\/gdm\/agenda\/market\/\" target=\"\">\n        <div class=\"news-card-2022-container\">\n      <div class=\"news-card-2022-wrapper py-3\">\n                  <div class=\"mb-1 text-uppercase px-4 sup-title\">\n            Activit\u00e9          <\/div>\n                          <div class=\"h3 mb-2 px-4 title\">\n            MARKET          <\/div>\n                          <div class=\"ratio ratio-16x9\">\n            <img loading=\"lazy\" decoding=\"async\" width=\"451\" height=\"675\" src=\"https:\/\/www.giff.ch\/archives\/2024\/wp-content\/uploads\/2024\/10\/GIFF23-1108-reportage-gdm-sis-aippy-hours-08-451x675.jpg\" class=\"attachment-md size-md\" alt=\"\" srcset=\"https:\/\/www.giff.ch\/archives\/2024\/wp-content\/uploads\/2024\/10\/GIFF23-1108-reportage-gdm-sis-aippy-hours-08-451x675.jpg 451w, https:\/\/www.giff.ch\/archives\/2024\/wp-content\/uploads\/2024\/10\/GIFF23-1108-reportage-gdm-sis-aippy-hours-08-138x206.jpg 138w, https:\/\/www.giff.ch\/archives\/2024\/wp-content\/uploads\/2024\/10\/GIFF23-1108-reportage-gdm-sis-aippy-hours-08-206x308.jpg 206w, https:\/\/www.giff.ch\/archives\/2024\/wp-content\/uploads\/2024\/10\/GIFF23-1108-reportage-gdm-sis-aippy-hours-08-571x855.jpg 571w, https:\/\/www.giff.ch\/archives\/2024\/wp-content\/uploads\/2024\/10\/GIFF23-1108-reportage-gdm-sis-aippy-hours-08-685x1026.jpg 685w, https:\/\/www.giff.ch\/archives\/2024\/wp-content\/uploads\/2024\/10\/GIFF23-1108-reportage-gdm-sis-aippy-hours-08-902x1350.jpg 902w, https:\/\/www.giff.ch\/archives\/2024\/wp-content\/uploads\/2024\/10\/GIFF23-1108-reportage-gdm-sis-aippy-hours-08-scaled.jpg 1710w\" sizes=\"auto, (max-width: 451px) 100vw, 451px\" \/>          <\/div>\n                          <div class=\"text-black px-4 mt-2\">\n            Le march\u00e9 est l\u2019espace o\u00f9 cr\u00e9ateur\u00b7rice\u00b7s et producteur\u00b7rice\u00b7s peuvent pr\u00e9senter leurs \u0153uvres et trouver les meilleurs partenaires, et o\u00f9 les d\u00e9cideur\u00b7euse\u00b7s de l\u2019industrie audiovisuelle et num\u00e9rique peuvent d\u00e9couvrir, s\u2019inspirer et s\u2019impliquer dans les projets num\u00e9riques les plus innovants.          <\/div>\n              <\/div>\n      <div class=\"news-card-2022-border\"><\/div>\n    <\/div>\n        <\/a>\n  <\/div><\/div><\/div><div class='row '><div class='col col-12 col-md-6 '><div class=\"news-card-2022 gdm mb-4\">\n      <div class=\"news-card-2022-container\">\n      <div class=\"news-card-2022-wrapper py-3\">\n                  <div class=\"mb-1 text-uppercase px-4 sup-title\">\n            Activit\u00e9          <\/div>\n                          <div class=\"h3 mb-2 px-4 title\">\n            NETWORKING          <\/div>\n                          <div class=\"ratio ratio-16x9\">\n            <img loading=\"lazy\" decoding=\"async\" width=\"451\" height=\"675\" src=\"https:\/\/www.giff.ch\/archives\/2024\/wp-content\/uploads\/2024\/10\/GIFF23-1108-reportage-nuit-numerique-Minguely-08-451x675.jpg\" class=\"attachment-md size-md\" alt=\"\" srcset=\"https:\/\/www.giff.ch\/archives\/2024\/wp-content\/uploads\/2024\/10\/GIFF23-1108-reportage-nuit-numerique-Minguely-08-451x675.jpg 451w, https:\/\/www.giff.ch\/archives\/2024\/wp-content\/uploads\/2024\/10\/GIFF23-1108-reportage-nuit-numerique-Minguely-08-138x206.jpg 138w, https:\/\/www.giff.ch\/archives\/2024\/wp-content\/uploads\/2024\/10\/GIFF23-1108-reportage-nuit-numerique-Minguely-08-206x308.jpg 206w, https:\/\/www.giff.ch\/archives\/2024\/wp-content\/uploads\/2024\/10\/GIFF23-1108-reportage-nuit-numerique-Minguely-08-571x855.jpg 571w, https:\/\/www.giff.ch\/archives\/2024\/wp-content\/uploads\/2024\/10\/GIFF23-1108-reportage-nuit-numerique-Minguely-08-685x1026.jpg 685w, https:\/\/www.giff.ch\/archives\/2024\/wp-content\/uploads\/2024\/10\/GIFF23-1108-reportage-nuit-numerique-Minguely-08-902x1350.jpg 902w, https:\/\/www.giff.ch\/archives\/2024\/wp-content\/uploads\/2024\/10\/GIFF23-1108-reportage-nuit-numerique-Minguely-08-scaled.jpg 1710w\" sizes=\"auto, (max-width: 451px) 100vw, 451px\" \/>          <\/div>\n                          <div class=\"text-black px-4 mt-2\">\n            Le GDM offre l&rsquo;opportunit\u00e9 de rencontrer et de se connecter aux acteur\u00b7rice\u00b7s cl\u00e9s de l\u2019audiovisuel suisse et international, en ligne avec une plateforme d\u00e9di\u00e9e ou lors de rendez-vous r\u00e9els dans les lieux importants du Festival.          <\/div>\n              <\/div>\n      <div class=\"news-card-2022-border\"><\/div>\n    <\/div>\n    <\/div><\/div><div class='col col-12 col-md-6 '><div class=\"news-card-2022 gdm mb-4\">\n      <div class=\"news-card-2022-container\">\n      <div class=\"news-card-2022-wrapper py-3\">\n                  <div class=\"mb-1 text-uppercase px-4 sup-title\">\n            SERVICES          <\/div>\n                          <div class=\"h3 mb-2 px-4 title\">\n            Who&rsquo;s Who          <\/div>\n                          <div class=\"ratio ratio-16x9\">\n            <img loading=\"lazy\" decoding=\"async\" width=\"1014\" height=\"675\" src=\"https:\/\/www.giff.ch\/archives\/2024\/wp-content\/uploads\/2024\/10\/nasa-Q1p7bh3SHj8-unsplash-1014x675.jpg\" class=\"attachment-md size-md\" alt=\"\" srcset=\"https:\/\/www.giff.ch\/archives\/2024\/wp-content\/uploads\/2024\/10\/nasa-Q1p7bh3SHj8-unsplash-1014x675.jpg 1014w, https:\/\/www.giff.ch\/archives\/2024\/wp-content\/uploads\/2024\/10\/nasa-Q1p7bh3SHj8-unsplash-310x206.jpg 310w, https:\/\/www.giff.ch\/archives\/2024\/wp-content\/uploads\/2024\/10\/nasa-Q1p7bh3SHj8-unsplash-463x308.jpg 463w, https:\/\/www.giff.ch\/archives\/2024\/wp-content\/uploads\/2024\/10\/nasa-Q1p7bh3SHj8-unsplash-1285x855.jpg 1285w, https:\/\/www.giff.ch\/archives\/2024\/wp-content\/uploads\/2024\/10\/nasa-Q1p7bh3SHj8-unsplash-1542x1026.jpg 1542w, https:\/\/www.giff.ch\/archives\/2024\/wp-content\/uploads\/2024\/10\/nasa-Q1p7bh3SHj8-unsplash-2029x1350.jpg 2029w\" sizes=\"auto, (max-width: 1014px) 100vw, 1014px\" \/>          <\/div>\n                          <div class=\"text-black px-4 mt-2\">\n            Consultez le Who&rsquo;s who pour d\u00e9couvrir les professionnel les qui participent, sur place et en ligne, \u00e0 la 12\u00e8me \u00e9dition du Geneva Digital Market.          <\/div>\n              <\/div>\n      <div class=\"news-card-2022-border\"><\/div>\n    <\/div>\n    <\/div><\/div><\/div><div class='row '><div class='col col-12 col-md-6 '><div class=\"news-card-2022 gdm mb-4\">\n      <a href=\"https:\/\/www.giff.ch\/archives\/2024\/\/event\/migros-culture-percentage-story-lab\/\" target=\"\">\n        <div class=\"news-card-2022-container\">\n      <div class=\"news-card-2022-wrapper py-3\">\n                  <div class=\"mb-1 text-uppercase px-4 sup-title\">\n            MARKET          <\/div>\n                          <div class=\"h3 mb-2 px-4 title\">\n            Story Lab du Pour-cent culturel Migros          <\/div>\n                          <div class=\"ratio ratio-16x9\">\n            <img loading=\"lazy\" decoding=\"async\" width=\"1200\" height=\"675\" src=\"https:\/\/www.giff.ch\/archives\/2024\/wp-content\/uploads\/2024\/10\/6844.jpg\" class=\"attachment-md size-md\" alt=\"Migros Culture Percentage Story Lab, GIFF 2021\" \/>          <\/div>\n                          <div class=\"text-black px-4 mt-2\">\n            En 2024, le Geneva Digital Market accueillera le Story Lab du Pour-cent culturel Migros, l\u2019une des principales initiatives suisses pour l\u2019\u00e9mergence de la cr\u00e9ation audiovisuelle sous toutes ses formes. Via la s\u00e9lection de 7 projets en devenir, de l\u2019horizon num\u00e9rique \u00e0 la s\u00e9rie TV, c\u2019est l\u2019esprit du Story Lab qui sera pr\u00e9sent\u00e9.          <\/div>\n              <\/div>\n      <div class=\"news-card-2022-border\"><\/div>\n    <\/div>\n        <\/a>\n  <\/div><\/div><div class='col col-12 col-md-6 '><div class=\"news-card-2022 gdm mb-4\">\n      <a href=\"https:\/\/www.giff.ch\/archives\/2024\/\/event\/gamification-of-tv-the-challenges-of-interactive-live-broadcasting\/\" target=\"\">\n        <div class=\"news-card-2022-container\">\n      <div class=\"news-card-2022-wrapper py-3\">\n                  <div class=\"mb-1 text-uppercase px-4 sup-title\">\n            TALKS          <\/div>\n                          <div class=\"h3 mb-2 px-4 title\">\n            Gamification of TV: les enjeux de la diffusion live interactive          <\/div>\n                          <div class=\"ratio ratio-16x9\">\n            <img loading=\"lazy\" decoding=\"async\" width=\"1080\" height=\"600\" src=\"https:\/\/www.giff.ch\/archives\/2024\/wp-content\/uploads\/2024\/10\/Frame-15-1.png\" class=\"attachment-md size-md\" alt=\"\" srcset=\"https:\/\/www.giff.ch\/archives\/2024\/wp-content\/uploads\/2024\/10\/Frame-15-1.png 1080w, https:\/\/www.giff.ch\/archives\/2024\/wp-content\/uploads\/2024\/10\/Frame-15-1-371x206.png 371w, https:\/\/www.giff.ch\/archives\/2024\/wp-content\/uploads\/2024\/10\/Frame-15-1-554x308.png 554w\" sizes=\"auto, (max-width: 1080px) 100vw, 1080px\" \/>          <\/div>\n                          <div class=\"text-black px-4 mt-2\">\n            \u00c0 l\u2019heure o\u00f9 les diffuseurs classiques travaillent leur pr\u00e9sence en ligne entre replay et cr\u00e9ations originales, ARTE innove encore avec des propositions de programmes stream\u00e9s, en direct, souvent interactifs. Une volont\u00e9 d\u2019aller vers de nouvelles audiences, et de proposer des nouveaux formats en compagnie d\u2019auteur\u00b7rices audiovisuel\u00b7le\u00b7s.          <\/div>\n              <\/div>\n      <div class=\"news-card-2022-border\"><\/div>\n    <\/div>\n        <\/a>\n  <\/div><\/div><\/div><\/div><div class='col col-12 col-md-4'><div class=\"promotion p-4 gdm mb-3\">\n  <div class=\"promotion-container\">\n    <div class=\"promotion-wrapper pe-5\">\n            <div class=\"title h2 mb-0\">\n        GENEVA DIGITAL MARKET      <\/div>\n                        <div class=\"mt-2\">\n        <p>Nich\u00e9 au c\u0153ur du GIFF, le Geneva Digital Market (GDM) est l\u2019unique rendez-vous de Suisse ax\u00e9 sur l\u2019innovation audiovisuelle. Plateforme de diffusion et de coproduction pour les industries cr\u00e9atives, il rassemble chaque ann\u00e9e depuis 2013 les professionnel\u00b7le\u00b7s internationaux\u00b7ales actif\u00b7ve\u00b7s dans les domaines de la technologie, l\u2019art et l\u2019\u00e9conomie. Lieu de r\u00e9flexion, d\u2019\u00e9changes et de r\u00e9seautage, il organise sur 4 jours des tables rondes, des sessions de pitching et de networking durant lesquelles les producteur\u00b7rice\u00b7s, cr\u00e9ateur\u00b7rice\u00b7s num\u00e9riques et acteur\u00b7rice\u00b7s cl\u00e9s du march\u00e9 fa\u00e7onnent l\u2019univers audiovisuel d\u2019aujourd\u2019hui et de demain.<\/p>\n      <\/div>\n                  <div class=\"mt-2\">\n                              <\/div>\n                <\/div>\n  <\/div>\n  <div class=\"promotion-image\"><img decoding=\"async\" src=\"https:\/\/www.giff.ch\/archives\/2024\/wp-content\/themes\/giff-2023\/medias\/images\/block-promotion\/2024\/gdm-1.webp\" alt=\"\"><\/div>\n<\/div>\n<div class=\"promotion p-4 gdm mb-3\">\n  <div class=\"promotion-container\">\n    <div class=\"promotion-wrapper pe-5\">\n            <div class=\"title h2 mb-0\">\n        Accr\u00e9ditations       <\/div>\n                  <div class=\"sub-title h3 mb-0\">\n        ACC\u00c9DEZ AU GIFF 2024      <\/div>\n                  <div class=\"mt-2\">\n        <p>Vous \u00eates journaliste, \u00e9tudiant\u00b7e ou professionnel\u00b7le de l\u2019audiovisuel ? Les demandes d\u2019accr\u00e9ditations pour la 30e \u00e9dition du GIFF sont ouvertes !<\/p>\n      <\/div>\n                  <div class=\"mt-2\">\n                        <a href=\"https:\/\/www.giff.ch\/archives\/2024\/\/le-festival\/accreditation\/\" target=\"\" class=\"btn btn-primary mb-2\">\n        Demander une accr\u00e9ditation        <\/a>\n                      <\/div>\n                <\/div>\n  <\/div>\n  <div class=\"promotion-image\"><img decoding=\"async\" src=\"https:\/\/www.giff.ch\/archives\/2024\/wp-content\/themes\/giff-2023\/medias\/images\/block-promotion\/2024\/gdm-sans.webp\" alt=\"\"><\/div>\n<\/div>\n<div class=\"promotion p-4 gdm mb-3\">\n  <div class=\"promotion-container\">\n    <div class=\"promotion-wrapper pe-5\">\n            <div class=\"title h2 mb-0\">\n        PROCHAINE \u00c9DITION      <\/div>\n                        <div class=\"mt-2\">\n        <p>4 &#8211; 7 NOVEMBRE 2024<\/p>\n      <\/div>\n                      <\/div>\n  <\/div>\n  <div class=\"promotion-image\"><img decoding=\"async\" src=\"https:\/\/www.giff.ch\/archives\/2024\/wp-content\/themes\/giff-2023\/medias\/images\/block-promotion\/2024\/gdm-2.webp\" alt=\"\"><\/div>\n<\/div>\n<\/div><\/div>","protected":false},"excerpt":{"rendered":"","protected":false},"author":1,"featured_media":66673,"parent":0,"menu_order":0,"comment_status":"closed","ping_status":"closed","template":"template-gdm.php","meta":{"_acf_changed":false,"footnotes":""},"class_list":["post-36830","page","type-page","status-publish","has-post-thumbnail","hentry"],"acf":[],"_links":{"self":[{"href":"https:\/\/www.giff.ch\/archives\/2024\/wp-json\/wp\/v2\/pages\/36830","targetHints":{"allow":["GET"]}}],"collection":[{"href":"https:\/\/www.giff.ch\/archives\/2024\/wp-json\/wp\/v2\/pages"}],"about":[{"href":"https:\/\/www.giff.ch\/archives\/2024\/wp-json\/wp\/v2\/types\/page"}],"author":[{"embeddable":true,"href":"https:\/\/www.giff.ch\/archives\/2024\/wp-json\/wp\/v2\/users\/1"}],"replies":[{"embeddable":true,"href":"https:\/\/www.giff.ch\/archives\/2024\/wp-json\/wp\/v2\/comments?post=36830"}],"version-history":[{"count":2,"href":"https:\/\/www.giff.ch\/archives\/2024\/wp-json\/wp\/v2\/pages\/36830\/revisions"}],"predecessor-version":[{"id":70584,"href":"https:\/\/www.giff.ch\/archives\/2024\/wp-json\/wp\/v2\/pages\/36830\/revisions\/70584"}],"wp:featuredmedia":[{"embeddable":true,"href":"https:\/\/www.giff.ch\/archives\/2024\/wp-json\/wp\/v2\/media\/66673"}],"wp:attachment":[{"href":"https:\/\/www.giff.ch\/archives\/2024\/wp-json\/wp\/v2\/media?parent=36830"}],"curies":[{"name":"wp","href":"https:\/\/api.w.org\/{rel}","templated":true}]}}